{"id":719,"date":"2017-01-02T08:28:52","date_gmt":"2017-01-02T08:28:52","guid":{"rendered":"https:\/\/demo.themegrill.com\/flash-default-2\/?page_id=5"},"modified":"2021-11-18T15:26:51","modified_gmt":"2021-11-18T15:26:51","slug":"home","status":"publish","type":"page","link":"https:\/\/www.mf-arredamenti.it\/","title":{"rendered":"Home"},"content":{"rendered":"<div id=\"pl-719\"  class=\"panel-layout\" ><div id=\"pg-719-0\"  class=\"panel-grid panel-has-style\" ><div class=\"siteorigin-panels-stretch panel-row-style panel-row-style-for-719-0\" data-stretch-type=\"full-stretched\" ><div id=\"pgc-719-0-0\"  class=\"panel-grid-cell\" ><div id=\"panel-719-0-0-0\" class=\"so-panel widget widget_themegrill_flash_slider tg-section tg-slider-widget panel-first-child panel-last-child\" data-index=\"0\" ><div class=\"tg-slider-widget slider-light slider-content-center slider-control-center full-width\">\n\t<div class=\"swiper-container\">\n\t\t<div class=\"swiper-wrapper\">\n\t\t\t\n\t\t\t\t\t<div class=\"swiper-slide\">\n\t\t\t\t\t\t<figure class=\"slider-image\" >\n\t\t\t\t\t\t\t<img width=\"1920\" height=\"1271\"\t\t\t\t\t\t\t\t\tsrc=\"https:\/\/www.mf-arredamenti.it\/wp-content\/uploads\/2021\/11\/kitchen-gda5c5abf4_1920.jpg\"\n\t\t\t\t\t\t\t\t\talt=\"M.F. Arredamenti\"\n\t\t\t\t\t\t\t\t\ttitle=\"M.F. Arredamenti\"\/>\n\t\t\t\t\t\t\t<div class=\"overlay\"><\/div>\n\t\t\t\t\t\t<\/figure>\n\t\t\t\t\t\t<div class=\"slider-content\">\n\t\t\t\t\t\t\t<div class=\"tg-container\">\n\t\t\t\t\t\t\t\t<div class=\"caption-title\">M.F. Arredamenti<\/div>\n\t\t\t\t\t\t\t\t<div class=\"caption-desc\">di Mazzantini e Fabbri<\/div>\n\t\t\t\t\t\t\t\t\t\t\t\t\t\t\t\t\t<div class=\"btn-wrapper\">\n\t\t\t\t\t\t\t\t\t\t<a href=\"https:\/\/www.mf-arredamenti.it\/index.php\/contact\/\">CONTATTACI<\/a>\n\t\t\t\t\t\t\t\t\t<\/div>\n\t\t\t\t\t\t\t\t\t\t\t\t\t\t\t<\/div>\n\t\t\t\t\t\t<\/div>\n\t\t\t\t\t<\/div>\n\n\t\t\t\t\t\t<\/div>\n\t\t<div class=\"swiper-pagination\"><\/div>\n\t\t<div class=\"slider-arrow\">\n\t\t\t<div class=\"swiper-button-next\"><\/div>\n\t\t\t<div class=\"swiper-button-prev\"><\/div>\n\t\t<\/div>\n\t<\/div>\n<\/div>\n<\/div><\/div><\/div><\/div><div id=\"pg-719-1\"  class=\"panel-grid panel-has-style\" ><div class=\"siteorigin-panels-stretch panel-row-style panel-row-style-for-719-1\" data-stretch-type=\"full\" ><div id=\"pgc-719-1-0\"  class=\"panel-grid-cell\" ><div id=\"panel-719-1-0-0\" class=\"so-panel widget widget_themegrill_flash_heading tg-widget section-title-wrapper panel-first-child panel-last-child\" data-index=\"1\" >\t<h3 class=\"section-title\">MF ARREDAMENTI<\/h3>\n\t<div class=\"section-description\">La nostra azienda nasce a Fornacette (PI) all&#039;inizio degli anni &#039;70, frutto dell&#039;esperienza di Remo Mazzantini, che, affiancato da un giovane e intraprendente Enzo Fabbri, decide di dar vita ad un&#039;attivit\u00e0, che nel tempo si riveler\u00e0 un pilastro dell&#039;artigianato locale. Solida ed in continua crescita, la ditta M.F. passer\u00e0 dall&#039;essere un punto di riferimento per le pi\u00f9 importanti aziende di mobili classici di Perignano, ad un&#039;azienda all&#039;avanguardia nella realizzazione conto terzi di arredamenti per alcuni dei pi\u00f9 importanti Brand a livello mondiale, grazie ad un continuo investimento in macchinari (industria 4.0 - quali pantografo CNC a 5 assi, sezionatrice, bordatrice e foratrice), grande versatilit\u00e0 ed esperienza, sia sul massello, sia su pannelli, impiallacciature e laminati, e collaborazioni con i pi\u00f9 importanti fornitori di materiali e ferramenta.<\/div>\n<\/div><\/div><\/div><\/div><div id=\"pg-719-2\"  class=\"panel-grid panel-has-style\" ><div class=\"siteorigin-panels-stretch panel-row-style panel-row-style-for-719-2\" data-siteorigin-parallax=\"{&quot;backgroundUrl&quot;:&quot;https:\\\/\\\/www.mf-arredamenti.it\\\/wp-content\\\/uploads\\\/2021\\\/11\\\/wood-g705fdc9da_1920.jpg&quot;,&quot;backgroundSize&quot;:[1920,1280],&quot;backgroundSizing&quot;:&quot;scaled&quot;,&quot;limitMotion&quot;:&quot;auto&quot;}\" data-stretch-type=\"full\" ><div id=\"pgc-719-2-0\"  class=\"panel-grid-cell\" ><div id=\"panel-719-2-0-0\" class=\"so-panel widget widget_themegrill_flash_cta tg-widget call-to-action-section panel-first-child panel-last-child\" data-index=\"2\" ><div class=\"panel-widget-style panel-widget-style-for-719-2-0-0\" ><div class=\"cta-wrapper call-to-action-section-layout-1\">\n\t<div class=\"section-title-wrapper\">\n\t\t\t\t<h3 class=\"section-title\">Il nostro \u00e8 un team giovane, completo, dinamico e ambizioso, in continuo aggiornamento sulle principali novit\u00e0 tecnologiche.<\/h3>\n\t\t\t<\/div>\n\t\t<div class=\"btn-wrapper\">\n\t\t\t\t<a class=\"btn\" href=\"https:\/\/www.mf-arredamenti.it\/index.php\/contact\/\">Contattaci<\/a>\n\t\t\t\t\t<\/div>\n\t<\/div>\n<\/div><\/div><\/div><\/div><\/div><\/div>","protected":false},"excerpt":{"rendered":"<p>M.F. Arredamenti di Mazzantini e Fabbri CONTATTACI MF ARREDAMENTI La nostra azienda nasce a Fornacette (PI) all&#039;inizio degli anni &#039;70, [&hellip;]<\/p>\n","protected":false},"author":1,"featured_media":0,"parent":0,"menu_order":0,"comment_status":"closed","ping_status":"closed","template":"page-templates\/pagebuilder.php","meta":{"_regular_price":[],"currency_symbol":[]},"post_slider_layout_featured_media_urls":{"thumbnail":"","post_slider_layout_landscape_large":"","post_slider_layout_portrait_large":"","post_slider_layout_square_large":"","post_slider_layout_landscape":"","post_slider_layout_portrait":"","post_slider_layout_square":"","full":""},"_links":{"self":[{"href":"https:\/\/www.mf-arredamenti.it\/index.php\/wp-json\/wp\/v2\/pages\/719"}],"collection":[{"href":"https:\/\/www.mf-arredamenti.it\/index.php\/wp-json\/wp\/v2\/pages"}],"about":[{"href":"https:\/\/www.mf-arredamenti.it\/index.php\/wp-json\/wp\/v2\/types\/page"}],"author":[{"embeddable":true,"href":"https:\/\/www.mf-arredamenti.it\/index.php\/wp-json\/wp\/v2\/users\/1"}],"replies":[{"embeddable":true,"href":"https:\/\/www.mf-arredamenti.it\/index.php\/wp-json\/wp\/v2\/comments?post=719"}],"version-history":[{"count":8,"href":"https:\/\/www.mf-arredamenti.it\/index.php\/wp-json\/wp\/v2\/pages\/719\/revisions"}],"predecessor-version":[{"id":788,"href":"https:\/\/www.mf-arredamenti.it\/index.php\/wp-json\/wp\/v2\/pages\/719\/revisions\/788"}],"wp:attachment":[{"href":"https:\/\/www.mf-arredamenti.it\/index.php\/wp-json\/wp\/v2\/media?parent=719"}],"curies":[{"name":"wp","href":"https:\/\/api.w.org\/{rel}","templated":true}]}}